{"id":2074,"date":"2023-10-17T10:45:16","date_gmt":"2023-10-17T10:45:16","guid":{"rendered":"https:\/\/berria.alberdania.net\/autores\/patxi-irurzun\/"},"modified":"2026-04-21T00:35:28","modified_gmt":"2026-04-20T22:35:28","slug":"patxi-irurzun","status":"publish","type":"autores","link":"https:\/\/www.alberdania.net\/eu\/autores\/patxi-irurzun\/","title":{"rendered":"Patxi Irurzun"},"content":{"rendered":"<p> (Pamplona 1969). Es autor de los libros de cuentos Cuentos de color gris (1989), Cuentos sanfermineros (2005), La polla m\u00e1s grande del mundo (2007) y Ajuste de cuentos (2008), las novelas Cuesti\u00f3n de supervivencia (1998), Ciudad Retrete (2002), Odio enamorado (2007) y \u00a1Oh Janis, mi dulce y sucia Janis! (2011) y del minilibro El cangrejo valiente (2004). Ha participado, entre otras, en las antolog\u00edas Golpes. Ficciones de la crueldad social (2004), Cuentos de f\u00fatbol 2 (2006), Beatitud (2011), Viscerales (2011) o Narrando Contracorriente (2011), y ha coordinado otras como Resaca \/ Hank over (2008), con Vicente Mu\u00f1oz, o Simpat\u00eda por el relato (2010), con Esteban Guti\u00e9rrez. En el plano period\u00edstico, es autor del reportaje &#8220;El mural m\u00e1gico&#8221;, traducido a diversos idiomas (2004), y ha publicado multitud de colaboraciones en diferentes medios: El Canto de la Tripulaci\u00f3n, El Europeo, Rolling Stone, Gara (donde escribi\u00f3 durante cinco a\u00f1os una popular columna), Dominical, Mono Gr\u00e1fico, Vinalia Trippers, La Jornada, Gu\u00eda del ni\u00f1o, ADN\u0085 Ha ganado diferentes premios, como El Viajero, de El Pa\u00eds-Aguilar, el Ciudad de Palencia o el Francisco Yndurain de las letras para autores j\u00f3venes (2003) y el Premio a la Creaci\u00f3n Literaria 2004 del Gobierno de Navarra, con Atrapados en el para\u00edso, libro en el que narra su experiencia personal en el vertedero de Payatas, en Manila. Edita la revista literaria Borraska.<\/p>\n","protected":false},"featured_media":0,"template":"","Tipo":[94],"class_list":["post-2074","autores","type-autores","status-publish","hentry","Tipo-autor"],"acf":{"bio_eus":"<p> (Pamplona 1969). Es autor de los libros de cuentos Cuentos de color gris (1989), Cuentos sanfermineros (2005), La polla m\u00e1s grande del mundo (2007) y Ajuste de cuentos (2008), las novelas Cuesti\u00f3n de supervivencia (1998), Ciudad Retrete (2002), Odio enamorado (2007) y \u00a1Oh Janis, mi dulce y sucia Janis! (2011) y del minilibro El cangrejo valiente (2004). Ha participado, entre otras, en las antolog\u00edas Golpes. Ficciones de la crueldad social (2004), Cuentos de f\u00fatbol 2 (2006), Beatitud (2011), Viscerales (2011) o Narrando Contracorriente (2011), y ha coordinado otras como Resaca \/ Hank over (2008), con Vicente Mu\u00f1oz, o Simpat\u00eda por el relato (2010), con Esteban Guti\u00e9rrez. En el plano period\u00edstico, es autor del reportaje \"El mural m\u00e1gico\", traducido a diversos idiomas (2004), y ha publicado multitud de colaboraciones en diferentes medios: El Canto de la Tripulaci\u00f3n, El Europeo, Rolling Stone, Gara (donde escribi\u00f3 durante cinco a\u00f1os una popular columna), Dominical, Mono Gr\u00e1fico, Vinalia Trippers, La Jornada, Gu\u00eda del ni\u00f1o, ADN\u0085 Ha ganado diferentes premios, como El Viajero, de El Pa\u00eds-Aguilar, el Ciudad de Palencia o el Francisco Yndurain de las letras para autores j\u00f3venes (2003) y el Premio a la Creaci\u00f3n Literaria 2004 del Gobierno de Navarra, con Atrapados en el para\u00edso, libro en el que narra su experiencia personal en el vertedero de Payatas, en Manila. Edita la revista literaria Borraska.<\/p>","id_gesedi":160},"_links":{"self":[{"href":"https:\/\/www.alberdania.net\/eu\/wp-json\/wp\/v2\/autores\/2074","targetHints":{"allow":["GET"]}}],"collection":[{"href":"https:\/\/www.alberdania.net\/eu\/wp-json\/wp\/v2\/autores"}],"about":[{"href":"https:\/\/www.alberdania.net\/eu\/wp-json\/wp\/v2\/types\/autores"}],"wp:attachment":[{"href":"https:\/\/www.alberdania.net\/eu\/wp-json\/wp\/v2\/media?parent=2074"}],"wp:term":[{"taxonomy":"Tipo","embeddable":true,"href":"https:\/\/www.alberdania.net\/eu\/wp-json\/wp\/v2\/Tipo?post=2074"}],"curies":[{"name":"wp","href":"https:\/\/api.w.org\/{rel}","templated":true}]}}