{"id":2453,"date":"2023-10-17T12:54:16","date_gmt":"2023-10-17T12:54:16","guid":{"rendered":"https:\/\/berria.alberdania.net\/product\/ratonito\/"},"modified":"2026-04-21T00:57:05","modified_gmt":"2026-04-20T22:57:05","slug":"ratonito","status":"publish","type":"product","link":"https:\/\/www.alberdania.net\/eu\/product\/ratonito\/","title":{"rendered":"Rato\u00f1ito"},"content":{"rendered":"","protected":false},"excerpt":{"rendered":"<p>Una tormentosa noche de oto\u00f1o, Gustavo, el viejo guardi\u00e1n del faro salv\u00f3 a Rato\u00f1ito. Adem\u00e1s, le ense\u00f1\u00f3 todo lo que se puede saber sobre el mar y los faros, y los dos se hicieron buenos amigos.<br \/>\n\tPero un d\u00eda Gustavo se puso enfermo. Tan enfermo, que por la noche no pudo encender la l\u00e1mpara del faro. Precisamente esa noche, una tormenta terrible amenazaba a un barco que navegaba cerca de la costa. \u00a1El destino de su tripulaci\u00f3n estaba en manos (o en las patitas) de Rato\u00f1ito! Para el ratoncito valiente comenzaba una carrera contra el tiempo\u0085<br \/>\n\tUna aventura fant\u00e1stica contada en bell\u00edsima im\u00e1genes.<\/p>\n","protected":false},"featured_media":0,"template":"","meta":{"_acf_changed":false,"inline_featured_image":false},"product_brand":[],"product_cat":[15],"product_tag":[],"tax-colections":[71,121],"tax-langs":[83],"tax-encuadernacion":[92],"tax-availability":[97],"class_list":{"0":"post-2453","1":"product","2":"type-product","3":"status-publish","5":"product_cat-sin-categoria","6":"pa_tipo-de-libro-papel","7":"tax-colections-literatura-infantil-y-juvenil","8":"tax-colections-koloretako-albumak","9":"tax-langs-castellano","10":"tax-encuadernacion-tapa-blanda","11":"tax-availability-disponible","13":"first","14":"instock","15":"shipping-taxable","16":"purchasable","17":"product-type-variable"},"acf":{"id_gesedi":36,"book_subtitle":"La prodigiosa aventura de un ratoncito valiente","book_author":"","book_translator":"","book_illustrator":"","book_publish_date_book":"2018-09-28","book_publish_date_ebook":null,"book_publish_date_audiobook":null,"book_collection_number":0,"book_pages":28,"book_file":null,"book_img":null,"books_related":null},"_links":{"self":[{"href":"https:\/\/www.alberdania.net\/eu\/wp-json\/wp\/v2\/product\/2453","targetHints":{"allow":["GET"]}}],"collection":[{"href":"https:\/\/www.alberdania.net\/eu\/wp-json\/wp\/v2\/product"}],"about":[{"href":"https:\/\/www.alberdania.net\/eu\/wp-json\/wp\/v2\/types\/product"}],"wp:attachment":[{"href":"https:\/\/www.alberdania.net\/eu\/wp-json\/wp\/v2\/media?parent=2453"}],"wp:term":[{"taxonomy":"product_brand","embeddable":true,"href":"https:\/\/www.alberdania.net\/eu\/wp-json\/wp\/v2\/product_brand?post=2453"},{"taxonomy":"product_cat","embeddable":true,"href":"https:\/\/www.alberdania.net\/eu\/wp-json\/wp\/v2\/product_cat?post=2453"},{"taxonomy":"product_tag","embeddable":true,"href":"https:\/\/www.alberdania.net\/eu\/wp-json\/wp\/v2\/product_tag?post=2453"},{"taxonomy":"tax-colections","embeddable":true,"href":"https:\/\/www.alberdania.net\/eu\/wp-json\/wp\/v2\/tax-colections?post=2453"},{"taxonomy":"tax-langs","embeddable":true,"href":"https:\/\/www.alberdania.net\/eu\/wp-json\/wp\/v2\/tax-langs?post=2453"},{"taxonomy":"tax-encuadernacion","embeddable":true,"href":"https:\/\/www.alberdania.net\/eu\/wp-json\/wp\/v2\/tax-encuadernacion?post=2453"},{"taxonomy":"tax-availability","embeddable":true,"href":"https:\/\/www.alberdania.net\/eu\/wp-json\/wp\/v2\/tax-availability?post=2453"}],"curies":[{"name":"wp","href":"https:\/\/api.w.org\/{rel}","templated":true}]}}