{"id":2878,"date":"2023-10-17T13:16:53","date_gmt":"2023-10-17T13:16:53","guid":{"rendered":"https:\/\/berria.alberdania.net\/product\/de-hiel-y-de-miel\/"},"modified":"2026-04-21T01:40:38","modified_gmt":"2026-04-20T23:40:38","slug":"de-hiel-y-de-miel","status":"publish","type":"product","link":"https:\/\/www.alberdania.net\/eu\/product\/de-hiel-y-de-miel\/","title":{"rendered":"De hiel y de miel"},"content":{"rendered":"","protected":false},"excerpt":{"rendered":"<p>Nos hallamos en Marruecos, en la d\u00e9cada de los 90. Selim, como muchos otros j\u00f3venes magreb\u00edes, desea abandonar Marruecos, que se antoja mortecino, para ir al rutilante Par\u00eds. All\u00ed se encuentra su Meca. En su viaje, probar\u00e1 la miel y la hiel: la miel, de la mano de Esther, una chica de Vitoria; la hiel, al conocer la cruda realidad occidentral.<\/p>\n<p>\tTres voces nos narran la historia de Selim: una, la del propio joven magreb\u00ed; otra la del Esther; en tercer lugar, la del gu\u00eda que, en aquella \u00e9poca, ayudaba a cruzar la frontera por el monte a quienes se lo ped\u00edan. Una \u00fanica historia narrada en tres g\u00e9neros: relato directo, diario y reportaje. Tres voces y tres g\u00e9neros para una historia de dolorosa presencia en nuestra vida diaria.<\/p>\n","protected":false},"featured_media":4758,"template":"","meta":{"_acf_changed":false,"inline_featured_image":false},"product_brand":[],"product_cat":[15],"product_tag":[],"tax-colections":[59,128],"tax-langs":[83],"tax-encuadernacion":[105],"tax-availability":[97],"class_list":{"0":"post-2878","1":"product","2":"type-product","3":"status-publish","4":"has-post-thumbnail","6":"product_cat-sin-categoria","7":"pa_tipo-de-libro-papel","8":"tax-colections-literatura-para-adultos","9":"tax-colections-astiro","10":"tax-langs-castellano","11":"tax-encuadernacion-bolsillo-tapa-blanda","12":"tax-availability-disponible","14":"first","15":"instock","16":"shipping-taxable","17":"purchasable","18":"product-type-variable"},"acf":{"id_gesedi":251,"book_subtitle":"","book_author":15,"book_translator":"","book_illustrator":"","book_publish_date_book":"2008-09-01","book_publish_date_ebook":null,"book_publish_date_audiobook":null,"book_collection_number":6,"book_pages":128,"book_file":"","book_img":"","books_related":null},"_links":{"self":[{"href":"https:\/\/www.alberdania.net\/eu\/wp-json\/wp\/v2\/product\/2878","targetHints":{"allow":["GET"]}}],"collection":[{"href":"https:\/\/www.alberdania.net\/eu\/wp-json\/wp\/v2\/product"}],"about":[{"href":"https:\/\/www.alberdania.net\/eu\/wp-json\/wp\/v2\/types\/product"}],"wp:featuredmedia":[{"embeddable":true,"href":"https:\/\/www.alberdania.net\/eu\/wp-json\/wp\/v2\/media\/4758"}],"wp:attachment":[{"href":"https:\/\/www.alberdania.net\/eu\/wp-json\/wp\/v2\/media?parent=2878"}],"wp:term":[{"taxonomy":"product_brand","embeddable":true,"href":"https:\/\/www.alberdania.net\/eu\/wp-json\/wp\/v2\/product_brand?post=2878"},{"taxonomy":"product_cat","embeddable":true,"href":"https:\/\/www.alberdania.net\/eu\/wp-json\/wp\/v2\/product_cat?post=2878"},{"taxonomy":"product_tag","embeddable":true,"href":"https:\/\/www.alberdania.net\/eu\/wp-json\/wp\/v2\/product_tag?post=2878"},{"taxonomy":"tax-colections","embeddable":true,"href":"https:\/\/www.alberdania.net\/eu\/wp-json\/wp\/v2\/tax-colections?post=2878"},{"taxonomy":"tax-langs","embeddable":true,"href":"https:\/\/www.alberdania.net\/eu\/wp-json\/wp\/v2\/tax-langs?post=2878"},{"taxonomy":"tax-encuadernacion","embeddable":true,"href":"https:\/\/www.alberdania.net\/eu\/wp-json\/wp\/v2\/tax-encuadernacion?post=2878"},{"taxonomy":"tax-availability","embeddable":true,"href":"https:\/\/www.alberdania.net\/eu\/wp-json\/wp\/v2\/tax-availability?post=2878"}],"curies":[{"name":"wp","href":"https:\/\/api.w.org\/{rel}","templated":true}]}}