{"id":2887,"date":"2023-10-17T13:18:50","date_gmt":"2023-10-17T13:18:50","guid":{"rendered":"https:\/\/berria.alberdania.net\/product\/el-movimiento-demo-y-la-nueva-cocina-vasca-desobediente\/"},"modified":"2026-04-21T01:41:21","modified_gmt":"2026-04-20T23:41:21","slug":"el-movimiento-demo-y-la-nueva-cocina-vasca-desobediente","status":"publish","type":"product","link":"https:\/\/www.alberdania.net\/eu\/product\/el-movimiento-demo-y-la-nueva-cocina-vasca-desobediente\/","title":{"rendered":"El movimiento demo y la nueva cocina vasca (desobediente)"},"content":{"rendered":"","protected":false},"excerpt":{"rendered":"<p>\u00abEl libro de Ahedo no es uno m\u00e1s de los libros al uso sobre pol\u00edtica, en los cuales o bien se nos alaba la solidez y sabidur\u00eda de las instituciones pol\u00edticas, o bien se nos abruma con los males de la sociedad civil y sus movimientos sociales postergados por la arrogancia de las instituciones. Estas p\u00e1ginas contienen un relato vivo y din\u00e1mico que explica c\u00f3mo la sociedad entra y mueve el sistema pol\u00edtico. Es un libro que habla de la realidad pol\u00edtica. Que habla de c\u00f3mo la pol\u00edtica no convencional sacude la pol\u00edtica convencional. El autor, adem\u00e1s, nos transmite, con toda pasi\u00f3n y no menos rigor, una gran esperanza en la capacidad pol\u00edtica de los humanos. Y as\u00ed nos permite creer que todav\u00eda no es el tiempo del aburrimiento. O del hartazgo\u00bb. Pedro Ibarra<\/p>\n","protected":false},"featured_media":4744,"template":"","meta":{"_acf_changed":false,"inline_featured_image":false},"product_brand":[],"product_cat":[15],"product_tag":[],"tax-colections":[59,126],"tax-langs":[83],"tax-encuadernacion":[105],"tax-availability":[97],"class_list":{"0":"post-2887","1":"product","2":"type-product","3":"status-publish","4":"has-post-thumbnail","6":"product_cat-sin-categoria","7":"pa_tipo-de-libro-papel","8":"tax-colections-literatura-para-adultos","9":"tax-colections-alga","10":"tax-langs-castellano","11":"tax-encuadernacion-bolsillo-tapa-blanda","12":"tax-availability-disponible","14":"first","15":"instock","16":"shipping-taxable","17":"purchasable","18":"product-type-variable"},"acf":{"id_gesedi":260,"book_subtitle":"","book_author":260,"book_translator":"","book_illustrator":"","book_publish_date_book":"2004-09-08","book_publish_date_ebook":null,"book_publish_date_audiobook":null,"book_collection_number":16,"book_pages":224,"book_file":"","book_img":"","books_related":null},"_links":{"self":[{"href":"https:\/\/www.alberdania.net\/eu\/wp-json\/wp\/v2\/product\/2887","targetHints":{"allow":["GET"]}}],"collection":[{"href":"https:\/\/www.alberdania.net\/eu\/wp-json\/wp\/v2\/product"}],"about":[{"href":"https:\/\/www.alberdania.net\/eu\/wp-json\/wp\/v2\/types\/product"}],"wp:featuredmedia":[{"embeddable":true,"href":"https:\/\/www.alberdania.net\/eu\/wp-json\/wp\/v2\/media\/4744"}],"wp:attachment":[{"href":"https:\/\/www.alberdania.net\/eu\/wp-json\/wp\/v2\/media?parent=2887"}],"wp:term":[{"taxonomy":"product_brand","embeddable":true,"href":"https:\/\/www.alberdania.net\/eu\/wp-json\/wp\/v2\/product_brand?post=2887"},{"taxonomy":"product_cat","embeddable":true,"href":"https:\/\/www.alberdania.net\/eu\/wp-json\/wp\/v2\/product_cat?post=2887"},{"taxonomy":"product_tag","embeddable":true,"href":"https:\/\/www.alberdania.net\/eu\/wp-json\/wp\/v2\/product_tag?post=2887"},{"taxonomy":"tax-colections","embeddable":true,"href":"https:\/\/www.alberdania.net\/eu\/wp-json\/wp\/v2\/tax-colections?post=2887"},{"taxonomy":"tax-langs","embeddable":true,"href":"https:\/\/www.alberdania.net\/eu\/wp-json\/wp\/v2\/tax-langs?post=2887"},{"taxonomy":"tax-encuadernacion","embeddable":true,"href":"https:\/\/www.alberdania.net\/eu\/wp-json\/wp\/v2\/tax-encuadernacion?post=2887"},{"taxonomy":"tax-availability","embeddable":true,"href":"https:\/\/www.alberdania.net\/eu\/wp-json\/wp\/v2\/tax-availability?post=2887"}],"curies":[{"name":"wp","href":"https:\/\/api.w.org\/{rel}","templated":true}]}}