{"id":2970,"date":"2023-10-17T13:31:11","date_gmt":"2023-10-17T13:31:11","guid":{"rendered":"https:\/\/berria.alberdania.net\/product\/identidad-islamica-y-espacio-publico-en-el-pais-vasco\/"},"modified":"2026-04-21T02:00:56","modified_gmt":"2026-04-21T00:00:56","slug":"identidad-islamica-y-espacio-publico-en-el-pais-vasco","status":"publish","type":"product","link":"https:\/\/www.alberdania.net\/eu\/product\/identidad-islamica-y-espacio-publico-en-el-pais-vasco\/","title":{"rendered":"Identidad isl\u00e1mica y espacio p\u00fablico en el Pa\u00eds Vasco"},"content":{"rendered":"","protected":false},"excerpt":{"rendered":"<p>La creciente diversidad religiosa de nuestras sociedades obliga a revisar cr\u00edticamente la concepci\u00f3n de los derechos humanos desde una vertiente democr\u00e1tica, inclusiva e intercultural. El presente trabajo aborda la necesidad de acomodar las estructuras en particular a la dereiva de la presencia de personas de religi\u00f3n musulmana. Las reflexiones que aqu\u00ed se contienen parten no solamente de las informaciones recogidas a trav\u00e9s de entrevistas en profundidad realizadas a ciudadanos musulmanes que residen en la Comunidad Aut\u00f3noma Vasca. La investigaci\u00f3n pretende as\u00ed resaltar la necesidad de revisar cr\u00edticamente la interpretaci\u00f3n que se viene realizando de los derechos humanos en situaciones concretas y se\u00f1alar \u00e1mbitos cotidianos en los que debe reformularse el dise\u00f1o de lo p\u00fablico para garantizar la plenitud de aquellos derechos tambi\u00e9n a las personas que profesan la religi\u00f3n isl\u00e1mica.<\/p>\n","protected":false},"featured_media":4631,"template":"","meta":{"_acf_changed":false,"inline_featured_image":false},"product_brand":[],"product_cat":[15],"product_tag":[],"tax-colections":[59,133],"tax-langs":[83],"tax-encuadernacion":[105],"tax-availability":[97],"class_list":{"0":"post-2970","1":"product","2":"type-product","3":"status-publish","4":"has-post-thumbnail","6":"product_cat-sin-categoria","7":"pa_tipo-de-libro-papel","8":"tax-colections-literatura-para-adultos","9":"tax-colections-giza-eskubideak","10":"tax-langs-castellano","11":"tax-encuadernacion-bolsillo-tapa-blanda","12":"tax-availability-disponible","14":"first","15":"instock","16":"shipping-taxable","17":"purchasable","18":"product-type-variable"},"acf":{"id_gesedi":360,"book_subtitle":"","book_author":"","book_translator":"","book_illustrator":"","book_publish_date_book":"2007-12-01","book_publish_date_ebook":null,"book_publish_date_audiobook":null,"book_collection_number":10,"book_pages":218,"book_file":"","book_img":"","books_related":null},"_links":{"self":[{"href":"https:\/\/www.alberdania.net\/eu\/wp-json\/wp\/v2\/product\/2970","targetHints":{"allow":["GET"]}}],"collection":[{"href":"https:\/\/www.alberdania.net\/eu\/wp-json\/wp\/v2\/product"}],"about":[{"href":"https:\/\/www.alberdania.net\/eu\/wp-json\/wp\/v2\/types\/product"}],"wp:featuredmedia":[{"embeddable":true,"href":"https:\/\/www.alberdania.net\/eu\/wp-json\/wp\/v2\/media\/4631"}],"wp:attachment":[{"href":"https:\/\/www.alberdania.net\/eu\/wp-json\/wp\/v2\/media?parent=2970"}],"wp:term":[{"taxonomy":"product_brand","embeddable":true,"href":"https:\/\/www.alberdania.net\/eu\/wp-json\/wp\/v2\/product_brand?post=2970"},{"taxonomy":"product_cat","embeddable":true,"href":"https:\/\/www.alberdania.net\/eu\/wp-json\/wp\/v2\/product_cat?post=2970"},{"taxonomy":"product_tag","embeddable":true,"href":"https:\/\/www.alberdania.net\/eu\/wp-json\/wp\/v2\/product_tag?post=2970"},{"taxonomy":"tax-colections","embeddable":true,"href":"https:\/\/www.alberdania.net\/eu\/wp-json\/wp\/v2\/tax-colections?post=2970"},{"taxonomy":"tax-langs","embeddable":true,"href":"https:\/\/www.alberdania.net\/eu\/wp-json\/wp\/v2\/tax-langs?post=2970"},{"taxonomy":"tax-encuadernacion","embeddable":true,"href":"https:\/\/www.alberdania.net\/eu\/wp-json\/wp\/v2\/tax-encuadernacion?post=2970"},{"taxonomy":"tax-availability","embeddable":true,"href":"https:\/\/www.alberdania.net\/eu\/wp-json\/wp\/v2\/tax-availability?post=2970"}],"curies":[{"name":"wp","href":"https:\/\/api.w.org\/{rel}","templated":true}]}}