{"id":3145,"date":"2023-10-17T13:42:42","date_gmt":"2023-10-17T13:42:42","guid":{"rendered":"https:\/\/berria.alberdania.net\/product\/el-futuro-nos-pertenece\/"},"modified":"2026-04-21T02:20:53","modified_gmt":"2026-04-21T00:20:53","slug":"el-futuro-nos-pertenece","status":"publish","type":"product","link":"https:\/\/www.alberdania.net\/eu\/product\/el-futuro-nos-pertenece\/","title":{"rendered":"El futuro nos pertenece"},"content":{"rendered":"","protected":false},"excerpt":{"rendered":"<p>Durante los diez a\u00f1os en que el Lehendakari Ibarretxe asumi\u00f3 la m\u00e1xima responsabilidad pol\u00edtica de Euskadi (1999-2009), su voz lleg\u00f3 a la ciudadan\u00eda a menudo mediatizada, interpretada, comentada, acotada y, en ocasiones, manipulada. Ese hecho adquiere una especial relevancia si tomamos en consideraci\u00f3n la trascendencia de los hechos pol\u00edticos que se han sucedido en esa d\u00e9cada.<\/p>\n<p>\tEl periodista Koldo Ordozgoiti ha vivido de cerca los avatares pol\u00edticos de ese per\u00edodo, integrado, con diversas responsabilidades, en el equipo de gobierno del Lehendakari Ibarretxe. Como testigo de excepci\u00f3n de una de las \u00e9pocas m\u00e1s din\u00e1micas del devenir pol\u00edtico vasco y espa\u00f1ol, es la persona m\u00e1s indicada para abordar la realizaci\u00f3n de un libro como El futuro nos pertenece, en el que el Lehendakari Ibarretxe expone de primera mano su visi\u00f3n sobre su per\u00edodo de gobierno, s\u00ed, pero, y quiz\u00e1 sobre todo, acerca del futuro que propugna y vaticina para Euskadi.<\/p>\n<p>\tCon el m\u00e1ximo rigor y narratividad period\u00edstica, Ordozgoiti enriquece e ilustra el relato con documentos de m\u00e1ximo valor hist\u00f3rico, de manera que el lector pueda contrastar en todo momento la letra y el esp\u00edritu de los acuerdos, normas y documentos que han jalonado la historia pol\u00edtica de la \u00e9poca recogida en el libro.<\/p>\n<p>\tComo colof\u00f3n, el Lehendakari Ibarretxe sintetiza, en un ep\u00edlogo titulado \u0093El derecho a decidir, la llave de la soluci\u00f3n\u0094, las claves esenciales de su propuesta de futuro para Euskadi.<\/p>\n","protected":false},"featured_media":4481,"template":"","meta":{"_acf_changed":false,"inline_featured_image":false},"product_brand":[],"product_cat":[15],"product_tag":[],"tax-colections":[59,126],"tax-langs":[83],"tax-encuadernacion":[105],"tax-availability":[97],"class_list":{"0":"post-3145","1":"product","2":"type-product","3":"status-publish","4":"has-post-thumbnail","6":"product_cat-sin-categoria","7":"pa_tipo-de-libro-papel","8":"pa_tipo-de-libro-ebook","9":"tax-colections-literatura-para-adultos","10":"tax-colections-alga","11":"tax-langs-castellano","12":"tax-encuadernacion-bolsillo-tapa-blanda","13":"tax-availability-disponible","15":"first","16":"instock","17":"shipping-taxable","18":"purchasable","19":"product-type-variable"},"acf":{"id_gesedi":468,"book_subtitle":"memorias pol\u00edticas del Lehendakari Ibarretxe","book_author":258,"book_translator":"","book_illustrator":"","book_publish_date_book":"2010-10-28","book_publish_date_ebook":"2010-10-28","book_publish_date_audiobook":null,"book_collection_number":61,"book_pages":0,"book_file":"","book_img":"","books_related":null},"_links":{"self":[{"href":"https:\/\/www.alberdania.net\/eu\/wp-json\/wp\/v2\/product\/3145","targetHints":{"allow":["GET"]}}],"collection":[{"href":"https:\/\/www.alberdania.net\/eu\/wp-json\/wp\/v2\/product"}],"about":[{"href":"https:\/\/www.alberdania.net\/eu\/wp-json\/wp\/v2\/types\/product"}],"wp:featuredmedia":[{"embeddable":true,"href":"https:\/\/www.alberdania.net\/eu\/wp-json\/wp\/v2\/media\/4481"}],"wp:attachment":[{"href":"https:\/\/www.alberdania.net\/eu\/wp-json\/wp\/v2\/media?parent=3145"}],"wp:term":[{"taxonomy":"product_brand","embeddable":true,"href":"https:\/\/www.alberdania.net\/eu\/wp-json\/wp\/v2\/product_brand?post=3145"},{"taxonomy":"product_cat","embeddable":true,"href":"https:\/\/www.alberdania.net\/eu\/wp-json\/wp\/v2\/product_cat?post=3145"},{"taxonomy":"product_tag","embeddable":true,"href":"https:\/\/www.alberdania.net\/eu\/wp-json\/wp\/v2\/product_tag?post=3145"},{"taxonomy":"tax-colections","embeddable":true,"href":"https:\/\/www.alberdania.net\/eu\/wp-json\/wp\/v2\/tax-colections?post=3145"},{"taxonomy":"tax-langs","embeddable":true,"href":"https:\/\/www.alberdania.net\/eu\/wp-json\/wp\/v2\/tax-langs?post=3145"},{"taxonomy":"tax-encuadernacion","embeddable":true,"href":"https:\/\/www.alberdania.net\/eu\/wp-json\/wp\/v2\/tax-encuadernacion?post=3145"},{"taxonomy":"tax-availability","embeddable":true,"href":"https:\/\/www.alberdania.net\/eu\/wp-json\/wp\/v2\/tax-availability?post=3145"}],"curies":[{"name":"wp","href":"https:\/\/api.w.org\/{rel}","templated":true}]}}