{"id":3182,"date":"2023-10-17T13:47:17","date_gmt":"2023-10-17T13:47:17","guid":{"rendered":"https:\/\/berria.alberdania.net\/product\/el-ejercito-de-salvacion\/"},"modified":"2026-04-21T02:26:34","modified_gmt":"2026-04-21T00:26:34","slug":"el-ejercito-de-salvacion","status":"publish","type":"product","link":"https:\/\/www.alberdania.net\/eu\/product\/el-ejercito-de-salvacion\/","title":{"rendered":"El ej\u00e9rcito de salvaci\u00f3n"},"content":{"rendered":"","protected":false},"excerpt":{"rendered":"<p>La casa en que naci\u00f3, en Marruecos, ten\u00eda tres habitaciones: una la ocupaba su padre; otra, su hermano mayor; y, en la tercera, Abdel\u00e1 dorm\u00eda con su madre, sus seis hermanas y su hermano Mustaf\u00e1. Un madriguera familiar c\u00e1lida y sensual. Los ni\u00f1os conocen de cerca el amor de sus padres. Pero el pudor les impide hablar de ello.<\/p>\n<p>\tAbdel\u00e1 es un adolescente cuando su hermano mayor lo lleva a T\u00e1nger de excursi\u00f3n. En ese viaje descubrir\u00e1 la verdadera naturaleza de su deseo. La pasi\u00f3n que siente por su hermano mayor se ve desairada cuando \u00e9ste se enamora de una mujer.<\/p>\n<p>\tCumplidos los veinte a\u00f1os, se marcha a Ginebra para proseguir sus estudios. \u00a1Por fin va a conocer la Europa de sus sue\u00f1os; los libros, el cine, la libertad que tanto ha ansiado! Pero lo que descubre es la soledad, lejos de su familia. Es un muchacho muy atractivo, y utiliza su poder de seducci\u00f3n.<\/p>\n<p>\tAbdel\u00e1 Taia nos relata el itinerario de un chico de nuestro tiempo. La clave de ese itinerario est\u00e1 en armonizar la tradici\u00f3n marroqu\u00ed con la cultura europea, el desarraigo con el deseo de salir adelante. Denuncia las hipocres\u00edas, de manera a veces cruda y a veces tierna, candorosa y maligna, desenfadada y conmovedora.<\/p>\n","protected":false},"featured_media":4437,"template":"","meta":{"_acf_changed":false,"inline_featured_image":false},"product_brand":[],"product_cat":[15],"product_tag":[],"tax-colections":[59,128],"tax-langs":[83],"tax-encuadernacion":[105],"tax-availability":[97],"class_list":{"0":"post-3182","1":"product","2":"type-product","3":"status-publish","4":"has-post-thumbnail","6":"product_cat-sin-categoria","7":"pa_tipo-de-libro-papel","8":"tax-colections-literatura-para-adultos","9":"tax-colections-astiro","10":"tax-langs-castellano","11":"tax-encuadernacion-bolsillo-tapa-blanda","12":"tax-availability-disponible","14":"first","15":"instock","16":"shipping-taxable","17":"purchasable","18":"product-type-variable"},"acf":{"id_gesedi":509,"book_subtitle":"","book_author":168,"book_translator":74,"book_illustrator":"","book_publish_date_book":"2007-04-01","book_publish_date_ebook":null,"book_publish_date_audiobook":null,"book_collection_number":1,"book_pages":320,"book_file":"","book_img":"","books_related":null},"_links":{"self":[{"href":"https:\/\/www.alberdania.net\/eu\/wp-json\/wp\/v2\/product\/3182","targetHints":{"allow":["GET"]}}],"collection":[{"href":"https:\/\/www.alberdania.net\/eu\/wp-json\/wp\/v2\/product"}],"about":[{"href":"https:\/\/www.alberdania.net\/eu\/wp-json\/wp\/v2\/types\/product"}],"wp:featuredmedia":[{"embeddable":true,"href":"https:\/\/www.alberdania.net\/eu\/wp-json\/wp\/v2\/media\/4437"}],"wp:attachment":[{"href":"https:\/\/www.alberdania.net\/eu\/wp-json\/wp\/v2\/media?parent=3182"}],"wp:term":[{"taxonomy":"product_brand","embeddable":true,"href":"https:\/\/www.alberdania.net\/eu\/wp-json\/wp\/v2\/product_brand?post=3182"},{"taxonomy":"product_cat","embeddable":true,"href":"https:\/\/www.alberdania.net\/eu\/wp-json\/wp\/v2\/product_cat?post=3182"},{"taxonomy":"product_tag","embeddable":true,"href":"https:\/\/www.alberdania.net\/eu\/wp-json\/wp\/v2\/product_tag?post=3182"},{"taxonomy":"tax-colections","embeddable":true,"href":"https:\/\/www.alberdania.net\/eu\/wp-json\/wp\/v2\/tax-colections?post=3182"},{"taxonomy":"tax-langs","embeddable":true,"href":"https:\/\/www.alberdania.net\/eu\/wp-json\/wp\/v2\/tax-langs?post=3182"},{"taxonomy":"tax-encuadernacion","embeddable":true,"href":"https:\/\/www.alberdania.net\/eu\/wp-json\/wp\/v2\/tax-encuadernacion?post=3182"},{"taxonomy":"tax-availability","embeddable":true,"href":"https:\/\/www.alberdania.net\/eu\/wp-json\/wp\/v2\/tax-availability?post=3182"}],"curies":[{"name":"wp","href":"https:\/\/api.w.org\/{rel}","templated":true}]}}