{"id":3351,"date":"2023-10-17T13:56:58","date_gmt":"2023-10-17T13:56:58","guid":{"rendered":"https:\/\/berria.alberdania.net\/product\/diari-dun-adolescent-gai\/"},"modified":"2026-04-21T02:46:45","modified_gmt":"2026-04-21T00:46:45","slug":"diari-dun-adolescent-gai","status":"publish","type":"product","link":"https:\/\/www.alberdania.net\/eu\/product\/diari-dun-adolescent-gai\/","title":{"rendered":"Diari d&#8217;un adolescent gai"},"content":{"rendered":"","protected":false},"excerpt":{"rendered":"<p>I\u00f1igo Lamarca \u00e9s homosexual i aquest llibre no es limita nom\u00e9s a donar-ne testimoni, sin\u00f3 que constitueix una reivindicaci\u00f3 del dret a viure amb total normalitat la seuva condici\u00f3.<\/p>\n<p>\tEl llibre comen\u00e7a amb els records d\u0092infantesa: \u00e9s a dir, amb una cr\u00f2nica esfere\u00efdora que ens mostra el conflictiu despertar sexual d\u0092un nen a qui, per mitj\u00e0 de la coerci\u00f3, li van imposar les normes pr\u00f2pies del model heterosexual.<\/p>\n<p>\tA l\u0092adolesc\u00e8ncia, mentre el nen es va transformant en adult, aquest conflicte es converteix en un infern. Per plasmar sobre el paper de la manera m\u00e9s fidel possible del drama interior que va viure, l\u0092autor s\u0092ha servit de trossos del seu diari personal.<\/p>\n<p>\tLamarca \u00e9s homosexual, s\u00ed. Per\u00f2 no es nom\u00e9s homosexual. \u00c9s, per sobre de tot, una persona, una persona compromesa amb la seua societat, tant pel que fa a l\u0092\u00e0mbit de la cultura com al de l\u0092acci\u00f3 civil. Una mostra d\u0092aquest comprom\u00eds \u00e9s l\u0092alta responsabilitat institucional que actualment desenvolupa com a Ararteko (S\u00edndic de Greuges).<\/p>\n","protected":false},"featured_media":4256,"template":"","meta":{"_acf_changed":false,"inline_featured_image":false},"product_brand":[],"product_cat":[15],"product_tag":[],"tax-colections":[59,128],"tax-langs":[84,85],"tax-encuadernacion":[105],"tax-availability":[97],"class_list":{"0":"post-3351","1":"product","2":"type-product","3":"status-publish","4":"has-post-thumbnail","6":"product_cat-sin-categoria","7":"pa_tipo-de-libro-papel","8":"tax-colections-literatura-para-adultos","9":"tax-colections-astiro","10":"tax-langs-otros","11":"tax-langs-catalan","12":"tax-encuadernacion-bolsillo-tapa-blanda","13":"tax-availability-disponible","15":"first","16":"instock","17":"shipping-taxable","18":"purchasable","19":"product-type-variable"},"acf":{"id_gesedi":638,"book_subtitle":"","book_author":"","book_translator":"","book_illustrator":"","book_publish_date_book":"2009-05-01","book_publish_date_ebook":null,"book_publish_date_audiobook":null,"book_collection_number":10,"book_pages":112,"book_file":"","book_img":"","books_related":null},"_links":{"self":[{"href":"https:\/\/www.alberdania.net\/eu\/wp-json\/wp\/v2\/product\/3351","targetHints":{"allow":["GET"]}}],"collection":[{"href":"https:\/\/www.alberdania.net\/eu\/wp-json\/wp\/v2\/product"}],"about":[{"href":"https:\/\/www.alberdania.net\/eu\/wp-json\/wp\/v2\/types\/product"}],"wp:featuredmedia":[{"embeddable":true,"href":"https:\/\/www.alberdania.net\/eu\/wp-json\/wp\/v2\/media\/4256"}],"wp:attachment":[{"href":"https:\/\/www.alberdania.net\/eu\/wp-json\/wp\/v2\/media?parent=3351"}],"wp:term":[{"taxonomy":"product_brand","embeddable":true,"href":"https:\/\/www.alberdania.net\/eu\/wp-json\/wp\/v2\/product_brand?post=3351"},{"taxonomy":"product_cat","embeddable":true,"href":"https:\/\/www.alberdania.net\/eu\/wp-json\/wp\/v2\/product_cat?post=3351"},{"taxonomy":"product_tag","embeddable":true,"href":"https:\/\/www.alberdania.net\/eu\/wp-json\/wp\/v2\/product_tag?post=3351"},{"taxonomy":"tax-colections","embeddable":true,"href":"https:\/\/www.alberdania.net\/eu\/wp-json\/wp\/v2\/tax-colections?post=3351"},{"taxonomy":"tax-langs","embeddable":true,"href":"https:\/\/www.alberdania.net\/eu\/wp-json\/wp\/v2\/tax-langs?post=3351"},{"taxonomy":"tax-encuadernacion","embeddable":true,"href":"https:\/\/www.alberdania.net\/eu\/wp-json\/wp\/v2\/tax-encuadernacion?post=3351"},{"taxonomy":"tax-availability","embeddable":true,"href":"https:\/\/www.alberdania.net\/eu\/wp-json\/wp\/v2\/tax-availability?post=3351"}],"curies":[{"name":"wp","href":"https:\/\/api.w.org\/{rel}","templated":true}]}}