{"id":3537,"date":"2023-10-17T14:10:13","date_gmt":"2023-10-17T14:10:13","guid":{"rendered":"https:\/\/berria.alberdania.net\/product\/el-ultimo-circulo-del-infierno\/"},"modified":"2026-04-21T03:10:42","modified_gmt":"2026-04-21T01:10:42","slug":"el-ultimo-circulo-del-infierno","status":"publish","type":"product","link":"https:\/\/www.alberdania.net\/eu\/product\/el-ultimo-circulo-del-infierno\/","title":{"rendered":"El \u00faltimo c\u00edrculo del infierno"},"content":{"rendered":"","protected":false},"excerpt":{"rendered":"<p>En 2013, la polic\u00eda colombiana detiene por tr\u00e1fico de armas a Marcos Orbea Ugarte, alias Txistu. Jefe hist\u00f3rico de ETA, hab\u00eda desaparecido treinta a\u00f1os atr\u00e1s, y un grupo parapolicial se atribuy\u00f3 su ejecuci\u00f3n. Su aparici\u00f3n provoca una gran convulsi\u00f3n en Okuri, su pueblo natal, donde parte de la poblaci\u00f3n a\u00fan lo considera un m\u00e1rtir. Pero la sorpresa es may\u00fascula cuando Txistu se declara ante la polic\u00eda colombiana agente de los servicios secretos espa\u00f1oles.<br \/>\n\tLa reaparici\u00f3n de Txistu conmociona de forma muy especial a \u00c1lvaro Ur\u00edzar, conocido como Gorri, y abre nuevos interrogantes sobre el papel que Txistu pudo jugar cuando, en 1985, eta, previa acusaci\u00f3n de traici\u00f3n, asesin\u00f3 a Mart\u00edn Zald\u00faa, \u00edntimo amigo de Gorri.<br \/>\n\tTxistu, Mart\u00edn y Gorri hab\u00edan crecido juntos en Okuri, y este \u00faltimo hab\u00eda intercedido ante Txistu, por aquel entonces l\u00edder de la organizaci\u00f3n, para evitar el asesinato de Mart\u00edn. No obstante, el asesinato se llev\u00f3 a cabo, a pesar de las garant\u00edas que en sentido contrario hab\u00eda obtenido Gorri y transmitido al amenazado.<br \/>\n\tMovido por el sentimiento de culpa, Gorri inicia una investigaci\u00f3n privada para esclarecer las razones del asesinato de Mart\u00edn Zald\u00faa, a partir de tres preguntas clave: \u00bfintent\u00f3 verdaderamente Txistu evitar la ejecuci\u00f3n de Mart\u00edn? \u00bfO m\u00e1s bien utiliz\u00f3 a Gorri para evitar que Mart\u00edn escapara y facilitar as\u00ed su asesinato? \u00bfQui\u00e9n era en realidad Mart\u00edn Zald\u00faa?<br \/>\n\tAl hilo de las pesquisas de Gorri, la narraci\u00f3n, que se desarrolla en el presente, proyecta dos ramificaciones hacia tiempos pasados. Una de ellas retrocede hasta el Pa\u00eds Vasco y la Cuba del siglo XIX, la esclavitud y los ingenios azucareros, donde hunde sus ra\u00edces la honda enemistad entre la familia de Txistu, los Ugarte, y los Zald\u00faa, familia de Mart\u00edn. La otra hurga en los tenebrosos a\u00f1os 80 del siglo pasado, en busca de las circunstancias que impulsaron a Txistu a colaborar con los servicios secretos espa\u00f1oles.<\/p>\n","protected":false},"featured_media":4100,"template":"","meta":{"_acf_changed":false,"inline_featured_image":false},"product_brand":[],"product_cat":[15],"product_tag":[],"tax-colections":[59,128],"tax-langs":[83],"tax-encuadernacion":[],"tax-availability":[97],"class_list":{"0":"post-3537","1":"product","2":"type-product","3":"status-publish","4":"has-post-thumbnail","6":"product_cat-sin-categoria","7":"pa_tipo-de-libro-papel","8":"pa_tipo-de-libro-ebook","9":"tax-colections-literatura-para-adultos","10":"tax-colections-astiro","11":"tax-langs-castellano","12":"tax-availability-disponible","14":"first","15":"instock","16":"shipping-taxable","17":"purchasable","18":"product-type-variable"},"acf":{"id_gesedi":805,"book_subtitle":"","book_author":36,"book_translator":"","book_illustrator":"","book_publish_date_book":"2022-02-02","book_publish_date_ebook":"2022-03-11","book_publish_date_audiobook":null,"book_collection_number":57,"book_pages":0,"book_file":"","book_img":"","books_related":null},"_links":{"self":[{"href":"https:\/\/www.alberdania.net\/eu\/wp-json\/wp\/v2\/product\/3537","targetHints":{"allow":["GET"]}}],"collection":[{"href":"https:\/\/www.alberdania.net\/eu\/wp-json\/wp\/v2\/product"}],"about":[{"href":"https:\/\/www.alberdania.net\/eu\/wp-json\/wp\/v2\/types\/product"}],"wp:featuredmedia":[{"embeddable":true,"href":"https:\/\/www.alberdania.net\/eu\/wp-json\/wp\/v2\/media\/4100"}],"wp:attachment":[{"href":"https:\/\/www.alberdania.net\/eu\/wp-json\/wp\/v2\/media?parent=3537"}],"wp:term":[{"taxonomy":"product_brand","embeddable":true,"href":"https:\/\/www.alberdania.net\/eu\/wp-json\/wp\/v2\/product_brand?post=3537"},{"taxonomy":"product_cat","embeddable":true,"href":"https:\/\/www.alberdania.net\/eu\/wp-json\/wp\/v2\/product_cat?post=3537"},{"taxonomy":"product_tag","embeddable":true,"href":"https:\/\/www.alberdania.net\/eu\/wp-json\/wp\/v2\/product_tag?post=3537"},{"taxonomy":"tax-colections","embeddable":true,"href":"https:\/\/www.alberdania.net\/eu\/wp-json\/wp\/v2\/tax-colections?post=3537"},{"taxonomy":"tax-langs","embeddable":true,"href":"https:\/\/www.alberdania.net\/eu\/wp-json\/wp\/v2\/tax-langs?post=3537"},{"taxonomy":"tax-encuadernacion","embeddable":true,"href":"https:\/\/www.alberdania.net\/eu\/wp-json\/wp\/v2\/tax-encuadernacion?post=3537"},{"taxonomy":"tax-availability","embeddable":true,"href":"https:\/\/www.alberdania.net\/eu\/wp-json\/wp\/v2\/tax-availability?post=3537"}],"curies":[{"name":"wp","href":"https:\/\/api.w.org\/{rel}","templated":true}]}}