{"id":3645,"date":"2023-10-17T14:19:24","date_gmt":"2023-10-17T14:19:24","guid":{"rendered":"https:\/\/berria.alberdania.net\/product\/en-manos-del-viento\/"},"modified":"2026-04-21T03:25:34","modified_gmt":"2026-04-21T01:25:34","slug":"en-manos-del-viento","status":"publish","type":"product","link":"https:\/\/www.alberdania.net\/eu\/product\/en-manos-del-viento\/","title":{"rendered":"En manos del viento"},"content":{"rendered":"","protected":false},"excerpt":{"rendered":"<p>Mikela dejar\u00e1 atr\u00e1s s\u00fabitamente su infancia en el caser\u00edo en el momento en el que su madre viuda la lleva a la casa de los Rep\u00e1raz, una familia acomodada de Alsasua, a cuyo servicio entrar\u00e1 la ni\u00f1a, de apenas trece a\u00f1os. As\u00ed lo han hecho antes sus hermanas mayores, y ahora le toca a ella aligerar la mesa de la casa por turno y, de paso, ejercitarse en un oficio que quiz\u00e1 le sea de utilidad m\u00e1s adelante.<br \/>\n\tA\u00fan vivo el rescoldo de la guerra civil, en casa de los Rep\u00e1raz Mikela conocer\u00e1 la vida de la gente pudiente, pero tambi\u00e9n el reverso de la moneda, porque corren malos tiempos para los perdedores\u0085<br \/>\n\tDeber\u00e1 dominar la nostalgia de su familia, embridar los recuerdos y, al mismo tiempo, abrir su coraz\u00f3n adolescente a la nueva vida que comienza a mostr\u00e1rsele.<br \/>\n\tAprender\u00e1 en su propia carne que es in\u00fatil esforzarse por permanecer al resguardo de todos los vientos; en cualquier momento, por cualquier resquicio, se colar\u00e1 una r\u00e1faga imprevista que la transportar\u00e1 o lo desconocido. Solo quien permanece alerta podr\u00e1 zafarse del vendaval.<br \/>\n\tUna educaci\u00f3n sentimental tan dura como necesaria.<\/p>\n","protected":false},"featured_media":4008,"template":"","meta":{"_acf_changed":false,"inline_featured_image":false},"product_brand":[],"product_cat":[15],"product_tag":[],"tax-colections":[59,128],"tax-langs":[83],"tax-encuadernacion":[92],"tax-availability":[97],"class_list":{"0":"post-3645","1":"product","2":"type-product","3":"status-publish","4":"has-post-thumbnail","6":"product_cat-sin-categoria","7":"pa_tipo-de-libro-papel","8":"pa_tipo-de-libro-ebook","9":"tax-colections-literatura-para-adultos","10":"tax-colections-astiro","11":"tax-langs-castellano","12":"tax-encuadernacion-tapa-blanda","13":"tax-availability-disponible","15":"first","16":"instock","17":"shipping-taxable","18":"purchasable","19":"product-type-variable"},"acf":{"id_gesedi":882,"book_subtitle":"","book_author":56,"book_translator":74,"book_illustrator":"","book_publish_date_book":"2023-08-31","book_publish_date_ebook":"2023-10-01","book_publish_date_audiobook":null,"book_collection_number":64,"book_pages":194,"book_file":"","book_img":"","books_related":""},"_links":{"self":[{"href":"https:\/\/www.alberdania.net\/eu\/wp-json\/wp\/v2\/product\/3645","targetHints":{"allow":["GET"]}}],"collection":[{"href":"https:\/\/www.alberdania.net\/eu\/wp-json\/wp\/v2\/product"}],"about":[{"href":"https:\/\/www.alberdania.net\/eu\/wp-json\/wp\/v2\/types\/product"}],"wp:featuredmedia":[{"embeddable":true,"href":"https:\/\/www.alberdania.net\/eu\/wp-json\/wp\/v2\/media\/4008"}],"wp:attachment":[{"href":"https:\/\/www.alberdania.net\/eu\/wp-json\/wp\/v2\/media?parent=3645"}],"wp:term":[{"taxonomy":"product_brand","embeddable":true,"href":"https:\/\/www.alberdania.net\/eu\/wp-json\/wp\/v2\/product_brand?post=3645"},{"taxonomy":"product_cat","embeddable":true,"href":"https:\/\/www.alberdania.net\/eu\/wp-json\/wp\/v2\/product_cat?post=3645"},{"taxonomy":"product_tag","embeddable":true,"href":"https:\/\/www.alberdania.net\/eu\/wp-json\/wp\/v2\/product_tag?post=3645"},{"taxonomy":"tax-colections","embeddable":true,"href":"https:\/\/www.alberdania.net\/eu\/wp-json\/wp\/v2\/tax-colections?post=3645"},{"taxonomy":"tax-langs","embeddable":true,"href":"https:\/\/www.alberdania.net\/eu\/wp-json\/wp\/v2\/tax-langs?post=3645"},{"taxonomy":"tax-encuadernacion","embeddable":true,"href":"https:\/\/www.alberdania.net\/eu\/wp-json\/wp\/v2\/tax-encuadernacion?post=3645"},{"taxonomy":"tax-availability","embeddable":true,"href":"https:\/\/www.alberdania.net\/eu\/wp-json\/wp\/v2\/tax-availability?post=3645"}],"curies":[{"name":"wp","href":"https:\/\/api.w.org\/{rel}","templated":true}]}}