{"id":7475,"date":"2025-10-20T22:03:16","date_gmt":"2025-10-20T20:03:16","guid":{"rendered":"https:\/\/www.alberdania.net\/?post_type=product&#038;p=7475"},"modified":"2026-04-21T03:37:21","modified_gmt":"2026-04-21T01:37:21","slug":"semillas-de-libertad","status":"publish","type":"product","link":"https:\/\/www.alberdania.net\/eu\/product\/semillas-de-libertad\/","title":{"rendered":"Semillas de libertad"},"content":{"rendered":"<p><iframe loading=\"lazy\" title=\"Liburu aurkezpena. &quot;Semillas de libertad&quot;, Telmo Lazkano\" width=\"640\" height=\"360\" src=\"https:\/\/www.youtube.com\/embed\/EQTJmiKdmMM?feature=oembed\" frameborder=\"0\" allow=\"accelerometer; autoplay; clipboard-write; encrypted-media; gyroscope; picture-in-picture; web-share\" referrerpolicy=\"strict-origin-when-cross-origin\" allowfullscreen><\/iframe><\/p>\n<p><iframe loading=\"lazy\" title=\"SEMILLAS DE LIBERTAD - Telmo Lazkano - Presentaci\u00f3n del libro\" width=\"640\" height=\"360\" src=\"https:\/\/www.youtube.com\/embed\/TgNnx-BoIhA?feature=oembed\" frameborder=\"0\" allow=\"accelerometer; autoplay; clipboard-write; encrypted-media; gyroscope; picture-in-picture; web-share\" referrerpolicy=\"strict-origin-when-cross-origin\" allowfullscreen><\/iframe><\/p>\n","protected":false},"excerpt":{"rendered":"<p>\u00bfTe has preguntado alguna vez por qu\u00e9 los ojos de un ni\u00f1o, antes brillantes de curiosidad, parecen luchar por aferrarse a un instante? \u00bfSientes la creciente sombra de la desmotivaci\u00f3n en los j\u00f3venes, el eco de un malestar que se extiende como la p\u00f3lvora entre los adolescentes?<br \/>\n\tEn el trasfondo de estas preguntas late un misterio crucial: \u00bfcu\u00e1les son las leyes naturales que rigen el florecimiento de la infancia y la adolescencia? \u00bfEst\u00e1 el mundo que hemos construido en armon\u00eda con su naturaleza esencial?<br \/>\n\tAcompa\u00f1a a Bego\u00f1a en un viaje apasionante y revelador, donde desentra\u00f1ar\u00e1 los hilos que conectan el silencio precoz, la atenci\u00f3n esquiva, la falta de motivaci\u00f3n y la angustia juvenil. En el camino, comprender\u00e1 qu\u00e9 ocurre en el cerebro de sus hijos cuando se enciende la pantalla de un dispositivo, conocer\u00e1 la \u00e9tica que rige en las grandes tecnol\u00f3gicas que dominan el mercado hoy en d\u00eda y las medidas que ya est\u00e1n impulsando instituciones y gobiernos, pero sobre todo, descubrir\u00e1 que no est\u00e1 sola: bajo el nombre de Altxa Burua, un grupo de familias se ha puesto manos a la obra con resultados esperanzadores.<br \/>\n\tCon un tono cercano y ameno, Telmo Lazkano en colaboraci\u00f3n con expertos de cada campo ofrece en estas p\u00e1ginas una gu\u00eda clara y did\u00e1ctica para entender lo que cada persona necesita en cada etapa, al tiempo que revela la verdadera naturaleza de las tecnolog\u00edas digitales y de las empresas que las producen y distribuyen.<br \/>\n\tUna lectura que invita a reflexionar, a tomar conciencia y, sobre todo, a construir juntos un futuro m\u00e1s humano y saludable para las pr\u00f3ximas generaciones.<\/p>\n","protected":false},"featured_media":7509,"template":"","meta":{"_acf_changed":false,"inline_featured_image":false},"product_brand":[],"product_cat":[15],"product_tag":[],"tax-colections":[59,125],"tax-langs":[83],"tax-encuadernacion":[92],"tax-availability":[97],"class_list":{"0":"post-7475","1":"product","2":"type-product","3":"status-publish","4":"has-post-thumbnail","6":"product_cat-sin-categoria","7":"pa_tipo-de-libro-papel","8":"pa_tipo-de-libro-ebook","9":"tax-colections-literatura-para-adultos","10":"tax-colections-saiakera","11":"tax-langs-castellano","12":"tax-encuadernacion-tapa-blanda","13":"tax-availability-disponible","15":"first","16":"instock","17":"shipping-taxable","18":"purchasable","19":"product-type-variable"},"acf":{"id_gesedi":937,"book_subtitle":"Las leyes naturales de la infancia y la adolescencia","book_author":412,"book_translator":"","book_illustrator":"","book_publish_date_book":"2025-10-04","book_publish_date_ebook":"20251004","book_publish_date_audiobook":null,"book_collection_number":76,"book_pages":312,"book_file":7508,"book_img":"","books_related":[3654,2378]},"_links":{"self":[{"href":"https:\/\/www.alberdania.net\/eu\/wp-json\/wp\/v2\/product\/7475","targetHints":{"allow":["GET"]}}],"collection":[{"href":"https:\/\/www.alberdania.net\/eu\/wp-json\/wp\/v2\/product"}],"about":[{"href":"https:\/\/www.alberdania.net\/eu\/wp-json\/wp\/v2\/types\/product"}],"acf:post":[{"embeddable":true,"href":"https:\/\/www.alberdania.net\/eu\/wp-json\/wp\/v2\/product\/2378"},{"embeddable":true,"href":"https:\/\/www.alberdania.net\/eu\/wp-json\/wp\/v2\/product\/3654"}],"wp:featuredmedia":[{"embeddable":true,"href":"https:\/\/www.alberdania.net\/eu\/wp-json\/wp\/v2\/media\/7509"}],"wp:attachment":[{"href":"https:\/\/www.alberdania.net\/eu\/wp-json\/wp\/v2\/media?parent=7475"}],"wp:term":[{"taxonomy":"product_brand","embeddable":true,"href":"https:\/\/www.alberdania.net\/eu\/wp-json\/wp\/v2\/product_brand?post=7475"},{"taxonomy":"product_cat","embeddable":true,"href":"https:\/\/www.alberdania.net\/eu\/wp-json\/wp\/v2\/product_cat?post=7475"},{"taxonomy":"product_tag","embeddable":true,"href":"https:\/\/www.alberdania.net\/eu\/wp-json\/wp\/v2\/product_tag?post=7475"},{"taxonomy":"tax-colections","embeddable":true,"href":"https:\/\/www.alberdania.net\/eu\/wp-json\/wp\/v2\/tax-colections?post=7475"},{"taxonomy":"tax-langs","embeddable":true,"href":"https:\/\/www.alberdania.net\/eu\/wp-json\/wp\/v2\/tax-langs?post=7475"},{"taxonomy":"tax-encuadernacion","embeddable":true,"href":"https:\/\/www.alberdania.net\/eu\/wp-json\/wp\/v2\/tax-encuadernacion?post=7475"},{"taxonomy":"tax-availability","embeddable":true,"href":"https:\/\/www.alberdania.net\/eu\/wp-json\/wp\/v2\/tax-availability?post=7475"}],"curies":[{"name":"wp","href":"https:\/\/api.w.org\/{rel}","templated":true}]}}