{"id":7575,"date":"2025-11-11T11:40:21","date_gmt":"2025-11-11T10:40:21","guid":{"rendered":"https:\/\/www.alberdania.net\/?post_type=product&#038;p=7575"},"modified":"2026-04-21T03:37:34","modified_gmt":"2026-04-21T01:37:34","slug":"retrovisor-y-bisturi","status":"publish","type":"product","link":"https:\/\/www.alberdania.net\/eu\/product\/retrovisor-y-bisturi\/","title":{"rendered":"Retrovisor y bistur\u00ed"},"content":{"rendered":"<p><iframe loading=\"lazy\" title=\"RETROVISOR Y BISTUR\u00cd - Ram\u00f3n Zallo\" width=\"640\" height=\"360\" src=\"https:\/\/www.youtube.com\/embed\/wuqAI9_qebk?feature=oembed\" frameborder=\"0\" allow=\"accelerometer; autoplay; clipboard-write; encrypted-media; gyroscope; picture-in-picture; web-share\" referrerpolicy=\"strict-origin-when-cross-origin\" allowfullscreen><\/iframe><\/p>\n<p>&nbsp;<\/p>\n","protected":false},"excerpt":{"rendered":"<p>Es el joven estudiante que se meti\u00f3 de lleno en la lucha antifranquista, el portavoz de un partido de la izquierda radical, el profesor de una universidad que estaba dando sus primeros pasos. Es uno de los investigadores m\u00e1s importantes en el terreno de la cultura y de la comunicaci\u00f3n, el intelectual p\u00fablico que ha participado en infinidad de debates clave para entender la fisionom\u00eda actual del Pa\u00eds Vasco. Es el amigo, el padre, el compa\u00f1ero. Y, por qu\u00e9 no decirlo, es tambi\u00e9n una figura inc\u00f3moda para aquellos que rara vez se aventuran a pensar m\u00e1s all\u00e1 de lo que dictamina su c\u00edrculo ideol\u00f3gico m\u00e1s pr\u00f3ximo. Es Ram\u00f3n Zallo Elgezabal, que con un tono autobiogr\u00e1fico poco habitual en su trayectoria, nos propone en Retrovisor y bistur\u00ed un ejercicio de su memoria cr\u00edtica de los \u00faltimos 60 a\u00f1os, indispensable para entender nuestra realidad pol\u00edtica, social y cultural en toda su complejidad.<\/p>\n","protected":false},"featured_media":7582,"template":"","meta":{"_acf_changed":false,"inline_featured_image":false},"product_brand":[],"product_cat":[15],"product_tag":[],"tax-colections":[59,126],"tax-langs":[83],"tax-encuadernacion":[],"tax-availability":[97],"class_list":{"0":"post-7575","1":"product","2":"type-product","3":"status-publish","4":"has-post-thumbnail","6":"product_cat-sin-categoria","7":"pa_tipo-de-libro-papel","8":"pa_tipo-de-libro-ebook","9":"tax-colections-literatura-para-adultos","10":"tax-colections-alga","11":"tax-langs-castellano","12":"tax-availability-disponible","14":"first","15":"instock","16":"shipping-taxable","17":"purchasable","18":"product-type-variable"},"acf":{"id_gesedi":939,"book_subtitle":"Memoria cr\u00edtica de una resistencia","book_author":390,"book_translator":"","book_illustrator":"","book_publish_date_book":"2025-10-04","book_publish_date_ebook":"20251104","book_publish_date_audiobook":null,"book_collection_number":77,"book_pages":0,"book_file":7585,"book_img":"","books_related":[3407,2727,3600,3184]},"_links":{"self":[{"href":"https:\/\/www.alberdania.net\/eu\/wp-json\/wp\/v2\/product\/7575","targetHints":{"allow":["GET"]}}],"collection":[{"href":"https:\/\/www.alberdania.net\/eu\/wp-json\/wp\/v2\/product"}],"about":[{"href":"https:\/\/www.alberdania.net\/eu\/wp-json\/wp\/v2\/types\/product"}],"acf:post":[{"embeddable":true,"href":"https:\/\/www.alberdania.net\/eu\/wp-json\/wp\/v2\/product\/3184"},{"embeddable":true,"href":"https:\/\/www.alberdania.net\/eu\/wp-json\/wp\/v2\/product\/3600"},{"embeddable":true,"href":"https:\/\/www.alberdania.net\/eu\/wp-json\/wp\/v2\/product\/2727"},{"embeddable":true,"href":"https:\/\/www.alberdania.net\/eu\/wp-json\/wp\/v2\/product\/3407"}],"wp:featuredmedia":[{"embeddable":true,"href":"https:\/\/www.alberdania.net\/eu\/wp-json\/wp\/v2\/media\/7582"}],"wp:attachment":[{"href":"https:\/\/www.alberdania.net\/eu\/wp-json\/wp\/v2\/media?parent=7575"}],"wp:term":[{"taxonomy":"product_brand","embeddable":true,"href":"https:\/\/www.alberdania.net\/eu\/wp-json\/wp\/v2\/product_brand?post=7575"},{"taxonomy":"product_cat","embeddable":true,"href":"https:\/\/www.alberdania.net\/eu\/wp-json\/wp\/v2\/product_cat?post=7575"},{"taxonomy":"product_tag","embeddable":true,"href":"https:\/\/www.alberdania.net\/eu\/wp-json\/wp\/v2\/product_tag?post=7575"},{"taxonomy":"tax-colections","embeddable":true,"href":"https:\/\/www.alberdania.net\/eu\/wp-json\/wp\/v2\/tax-colections?post=7575"},{"taxonomy":"tax-langs","embeddable":true,"href":"https:\/\/www.alberdania.net\/eu\/wp-json\/wp\/v2\/tax-langs?post=7575"},{"taxonomy":"tax-encuadernacion","embeddable":true,"href":"https:\/\/www.alberdania.net\/eu\/wp-json\/wp\/v2\/tax-encuadernacion?post=7575"},{"taxonomy":"tax-availability","embeddable":true,"href":"https:\/\/www.alberdania.net\/eu\/wp-json\/wp\/v2\/tax-availability?post=7575"}],"curies":[{"name":"wp","href":"https:\/\/api.w.org\/{rel}","templated":true}]}}